{"id":148,"date":"2021-10-20T17:43:46","date_gmt":"2021-10-20T15:43:46","guid":{"rendered":"https:\/\/www.artistsbookmartin.sk\/?page_id=148"},"modified":"2024-10-29T13:10:34","modified_gmt":"2024-10-29T12:10:34","slug":"archiv_2016","status":"publish","type":"page","link":"https:\/\/www.artistsbookmartin.sk\/en\/archiv\/archiv_2016\/","title":{"rendered":"2016"},"content":{"rendered":"<hr class=\"wp-block-separator\"\/>\n\n\n\n<p class=\"has-text-align-center has-large-font-size\">29. 11. 2016 \u2013 12. 2. 2017&nbsp;&nbsp;&nbsp;<\/p>\n\n\n\n<hr class=\"wp-block-separator\"\/>\n\n\n\n<p class=\"has-text-align-center has-medium-font-size\">The book object and the book object connect the image and the word. The typographic image of the word configures the nature of thinking and predefines the approach to reading content. It is the word of imagery and the image of the etymology of the word. For many authors, the book has become not only a bearer of text, but also a means of artistic expression and an art object. Aesthetic and conceptual understanding of the construction of the book initiates the author's freedom to grasp the artifact as an object ...<\/p>\n\n\n\n<hr class=\"wp-block-separator\"\/>\n\n\n\n<h2 class=\"has-text-align-center\"><strong>ARTISTS&nbsp; <\/strong><\/h2>\n\n\n\n<p class=\"has-text-align-center has-normal-font-size\">Peter Augustovi\u010d  <span class=\"has-inline-color has-lighter-blue-color\">\/<\/span>  Nina Abramovi\u010dov\u00e1<meta charset=\"utf-8\">  <span class=\"has-inline-color has-lighter-blue-color\">\/<\/span>  Igor Benca<meta charset=\"utf-8\">  <span class=\"has-inline-color has-lighter-blue-color\">\/<\/span>  M\u00e1ria Be\u0148ov\u00e1<meta charset=\"utf-8\">  <span class=\"has-inline-color has-lighter-blue-color\">\/<\/span>  Anna M\u00e1ria Be\u0148ov\u00e1<meta charset=\"utf-8\">  <span class=\"has-inline-color has-lighter-blue-color\">\/<\/span>  Petra Br\u010d\u00e1kov\u00e1<meta charset=\"utf-8\">  <span class=\"has-inline-color has-lighter-blue-color\">\/<\/span>  Nina Budo\u0161ov\u00e1<meta charset=\"utf-8\">  <span class=\"has-inline-color has-lighter-blue-color\">\/<\/span>  Martin Derner<meta charset=\"utf-8\">  <span class=\"has-inline-color has-lighter-blue-color\">\/<\/span>  Sarah Dul\u00e1kov\u00e1<meta charset=\"utf-8\">  <span class=\"has-inline-color has-lighter-blue-color\">\/<\/span>  \u00c1gnes \u010eurd\u00edk<meta charset=\"utf-8\">  <span class=\"has-inline-color has-lighter-blue-color\">\/<\/span>  J\u00e1n Fekete<meta charset=\"utf-8\">  <span class=\"has-inline-color has-lighter-blue-color\">\/<\/span>  Charlotte Hammes<meta charset=\"utf-8\">  <span class=\"has-inline-color has-lighter-blue-color\">\/<\/span>  Nina Hanusov\u00e1<meta charset=\"utf-8\">  <span class=\"has-inline-color has-lighter-blue-color\">\/<\/span>  Krist\u00edna He\u010dkov\u00e1<meta charset=\"utf-8\">  <span class=\"has-inline-color has-lighter-blue-color\">\/<\/span>  Ivana Hron\u010dekov\u00e1<meta charset=\"utf-8\">  <span class=\"has-inline-color has-lighter-blue-color\">\/<\/span>  Michaela Ihn\u00e1tov\u00e1<meta charset=\"utf-8\">  <span class=\"has-inline-color has-lighter-blue-color\">\/<\/span>  Zbyn\u011bk Jan\u00e1\u010dek<meta charset=\"utf-8\">  <span class=\"has-inline-color has-lighter-blue-color\">\/<\/span>  Barbora Klau\u010dov\u00e1<meta charset=\"utf-8\">  <span class=\"has-inline-color has-lighter-blue-color\">\/<\/span>   Barbora Kmecov\u00e1<meta charset=\"utf-8\">  <span class=\"has-inline-color has-lighter-blue-color\">\/<\/span>  Anik\u00f3 Kov\u00e1cs Csonga<meta charset=\"utf-8\">  <span class=\"has-inline-color has-lighter-blue-color\">\/<\/span>  Andy Koz\u00e1rov\u00e1<meta charset=\"utf-8\">  <span class=\"has-inline-color has-lighter-blue-color\">\/<\/span>  Pavol Kr\u00e1\u013e<meta charset=\"utf-8\">  <span class=\"has-inline-color has-lighter-blue-color\">\/<\/span>  Iva Krupicov\u00e1<meta charset=\"utf-8\">  <span class=\"has-inline-color has-lighter-blue-color\">\/<\/span>  Peter Leja,<meta charset=\"utf-8\">  <span class=\"has-inline-color has-lighter-blue-color\">\/<\/span>  Katar\u00edna Macurov\u00e1<meta charset=\"utf-8\">  <span class=\"has-inline-color has-lighter-blue-color\">\/<\/span>  R\u00f3bert Makar<meta charset=\"utf-8\">  <span class=\"has-inline-color has-lighter-blue-color\">\/<\/span>  Stano Mas\u00e1r<meta charset=\"utf-8\">  <span class=\"has-inline-color has-lighter-blue-color\">\/<\/span>  Tsudoi Mausda<meta charset=\"utf-8\">  <span class=\"has-inline-color has-lighter-blue-color\">\/<\/span>  Mariana Ma\u017eg\u00fatov\u00e1<meta charset=\"utf-8\">  <span class=\"has-inline-color has-lighter-blue-color\">\/<\/span>  Simona Mi\u0161ovicov\u00e1<meta charset=\"utf-8\">  <span class=\"has-inline-color has-lighter-blue-color\">\/<\/span>  Martin Mikulka<meta charset=\"utf-8\">  <span class=\"has-inline-color has-lighter-blue-color\">\/<\/span>  Michaela Morav\u010d\u00edkov\u00e1<meta charset=\"utf-8\">  <span class=\"has-inline-color has-lighter-blue-color\">\/<\/span>  Andrea P\u00e9zman<meta charset=\"utf-8\">  <span class=\"has-inline-color has-lighter-blue-color\">\/<\/span>  Patrik \u0160ev\u010d\u00edk<meta charset=\"utf-8\">  <span class=\"has-inline-color has-lighter-blue-color\">\/<\/span>  Martin Schwarz<meta charset=\"utf-8\">  <span class=\"has-inline-color has-lighter-blue-color\">\/<\/span>  Marek Sibinsk\u00fd<meta charset=\"utf-8\">  <span class=\"has-inline-color has-lighter-blue-color\">\/<\/span>  Katar\u00edna \u0160kamlov\u00e1<meta charset=\"utf-8\">  <span class=\"has-inline-color has-lighter-blue-color\">\/<\/span>  Kl\u00e1ra \u0160tefanovi\u010dov\u00e1<meta charset=\"utf-8\">  <span class=\"has-inline-color has-lighter-blue-color\">\/<\/span>  Radim Straka<meta charset=\"utf-8\">  <span class=\"has-inline-color has-lighter-blue-color\">\/<\/span>  J\u00e1n \u0160utvay<meta charset=\"utf-8\">  <span class=\"has-inline-color has-lighter-blue-color\">\/<\/span>  Mat\u00fa\u0161 Szalontai<meta charset=\"utf-8\">  <span class=\"has-inline-color has-lighter-blue-color\">\/<\/span>  Petr V\u010delka<meta charset=\"utf-8\">  <span class=\"has-inline-color has-lighter-blue-color\">\/<\/span>  Tom\u00e1\u0161 Vicen<meta charset=\"utf-8\">  <span class=\"has-inline-color has-lighter-blue-color\">\/<\/span>  Monika Vol\u00e1kov\u00e1<meta charset=\"utf-8\">  <span class=\"has-inline-color has-lighter-blue-color\">\/<\/span>  Inka V\u00fdbohov\u00e1<\/p>\n\n\n\n<hr class=\"wp-block-separator\"\/>\n\n\n\n<div class=\"wp-block-columns\">\n<div class=\"wp-block-column\" style=\"flex-basis:50%\">\n<h2 class=\"has-text-align-center\"><strong>EXHIBITION CURATOR<\/strong><\/h2>\n\n\n\n<p class=\"has-text-align-center\">R\u00f3bert Makar<\/p>\n<\/div>\n\n\n\n<div class=\"wp-block-column\" style=\"flex-basis:50%\">\n<h2 class=\"has-text-align-center\">VISUAL<\/h2>\n\n\n\n<p class=\"has-text-align-center\">Peter \u010eur\u00edk<\/p>\n<\/div>\n<\/div>\n\n\n\n<hr class=\"wp-block-separator\"\/>\n\n\n\n<p class=\"has-text-align-center has-medium-font-size\">This project has been supported using public funds provided by Slovak Arts Council.<\/p>","protected":false},"excerpt":{"rendered":"<p>29. 11. 2016 \u2013 12. 2. 2017&nbsp;&nbsp;&nbsp; Kni\u017en\u00fd objekt a&nbsp;objekt knihy sp\u00e1jaj\u00fa obraz a&nbsp;slovo. Typografick\u00fd obraz slova konfiguruje povahou myslenia a&nbsp;preddefinuje pr\u00edstup \u010d\u00edtania obsahu. Je to slovo obrazotvornosti a&nbsp;obraz etymol\u00f3gie slova. Pre mnoh\u00fdch autorov sa kniha stala nielen nosite\u013eom textu, ale aj postriedkom umeleckej v\u00fdpovede a&nbsp;v\u00fdtvarn\u00fdm objektom. Estetick\u00e9 a&nbsp;koncep\u010dn\u00e9 porozumenie ko\u0161trukcii knihy iniciuje autorsk\u00fa vo\u013enos\u0165 [&hellip;]<\/p>","protected":false},"author":2,"featured_media":0,"parent":39,"menu_order":1,"comment_status":"closed","ping_status":"closed","template":"","meta":{"_monsterinsights_skip_tracking":false,"_monsterinsights_sitenote_active":false,"_monsterinsights_sitenote_note":"","_monsterinsights_sitenote_category":0,"two_page_speed":[]},"_links":{"self":[{"href":"https:\/\/www.artistsbookmartin.sk\/en\/wp-json\/wp\/v2\/pages\/148"}],"collection":[{"href":"https:\/\/www.artistsbookmartin.sk\/en\/wp-json\/wp\/v2\/pages"}],"about":[{"href":"https:\/\/www.artistsbookmartin.sk\/en\/wp-json\/wp\/v2\/types\/page"}],"author":[{"embeddable":true,"href":"https:\/\/www.artistsbookmartin.sk\/en\/wp-json\/wp\/v2\/users\/2"}],"replies":[{"embeddable":true,"href":"https:\/\/www.artistsbookmartin.sk\/en\/wp-json\/wp\/v2\/comments?post=148"}],"version-history":[{"count":6,"href":"https:\/\/www.artistsbookmartin.sk\/en\/wp-json\/wp\/v2\/pages\/148\/revisions"}],"predecessor-version":[{"id":1093,"href":"https:\/\/www.artistsbookmartin.sk\/en\/wp-json\/wp\/v2\/pages\/148\/revisions\/1093"}],"up":[{"embeddable":true,"href":"https:\/\/www.artistsbookmartin.sk\/en\/wp-json\/wp\/v2\/pages\/39"}],"wp:attachment":[{"href":"https:\/\/www.artistsbookmartin.sk\/en\/wp-json\/wp\/v2\/media?parent=148"}],"curies":[{"name":"wp","href":"https:\/\/api.w.org\/{rel}","templated":true}]}}